{"id":3088,"date":"2023-04-07T19:04:32","date_gmt":"2023-04-07T17:04:32","guid":{"rendered":"https:\/\/www.droit-humain.dk\/faq\/"},"modified":"2023-06-17T22:05:02","modified_gmt":"2023-06-17T20:05:02","slug":"faq","status":"publish","type":"page","link":"https:\/\/www.droit-humain.dk\/sv\/faq\/","title":{"rendered":"FAQ"},"content":{"rendered":"\n<p>Klicka p\u00e5 rubriken f\u00f6r att ut\u00f6ka svaret.<\/p>\n\n<div class=\"wp-block-advgb-accordions advgb-accordions-0538dfc6-9b98-4191-afb6-d00d4adc36f4 advgb-accordion-wrapper\" data-collapsed=\"true\">\n<div class=\"wp-block-advgb-accordion-item advgb-accordion-item advgb-dyn-aeb3acec\" style=\"margin-bottom:15px\"><div class=\"advgb-accordion-header\" style=\"background-color:#dbf0fe;color:#000000;border-style:solid;border-width:0px;border-radius:2px\"><span class=\"advgb-accordion-header-icon\"><svg fill=\"#000000\" xmlns=\"http:\/\/www.w3.org\/2000\/svg\" width=\"24\" height=\"24\" viewBox=\"0 0 24 24\"><path fill=\"none\" d=\"M0,0h24v24H0V0z\"><\/path><path d=\"M12,5.83L15.17,9l1.41-1.41L12,3L7.41,7.59L8.83,9L12,5.83z M12,18.17L8.83,15l-1.41,1.41L12,21l4.59-4.59L15.17,15 L12,18.17z\"><\/path><\/svg><\/span><h4 class=\"advgb-accordion-header-title\" style=\"color:inherit\">1. Vad \u00e4r frimureri?<\/h4><\/div><div class=\"advgb-accordion-body\" style=\"border-style:solid !important;border-width:0px !important;border-color:undefined !important;border-top:none !important;border-radius:2px !important\">\n<p>Frimureriet \u00e4r en utvecklingsv\u00e4g som tar sig uttryck via ritualer och symboler. Det \u00e4r en v\u00e4g som leder till sj\u00e4lvk\u00e4nnedom och till personlig utveckling genom reflektion och tj\u00e4nande till andra. Det \u00e4r en v\u00e4g mot sanningen, men det \u00e4r inte sj\u00e4lva sanningen. Frimureriet \u00e4r inte dogmatiskt och bek\u00e4nner sig d\u00e4rf\u00f6r inte till en viss religion eller politik. Det \u00e4r en sorts skola som f\u00f6r m\u00e4nniskor samman. I &#8220;LE DROIT HUMAIN&#8221; sker det genom mottot: &#8220;Frihet, J\u00e4mlikhet och Broderskap&#8221; \u2014 budskapet fr\u00e5n den franska revolutionen 1789.<\/p>\n\n\n\n<p>Frimureriet \u00e4r en filosofisk skola d\u00e4r frimuraren l\u00e4r sig att uppn\u00e5 sj\u00e4lvk\u00e4nnedom och sj\u00e4lvutveckling genom livsstil, genom utbildning och f\u00f6rdjupning i livets stora fr\u00e5gor, f\u00f6r sin egen skull och f\u00f6r samh\u00e4llets b\u00e4sta.<\/p>\n\n\n\n<p>F\u00f6r att f\u00e5 full nytta av frimureriet \u00e4r det n\u00f6dv\u00e4ndigt att f\u00f6rdjupa sig och arbeta m\u00e5lmedvetet och ih\u00e4rdigt. Frimureriet erbjuder sina symboler och allegorier, sina ceremonier och sin historia, men det \u00e4r upp till muraren sj\u00e4lv att utvinna visdomen. Den presenteras inte p\u00e5 ett silverfat, utan kommer gradvis att avsl\u00f6jas f\u00f6r den som f\u00f6rdjupar sig.<\/p>\n<\/div><\/div>\n\n\n\n<div class=\"wp-block-advgb-accordion-item advgb-accordion-item advgb-dyn-76b8c588\" style=\"margin-bottom:15px\"><div class=\"advgb-accordion-header\" style=\"background-color:#dbf0fe;color:#000000;border-style:solid;border-width:0px;border-radius:2px\"><span class=\"advgb-accordion-header-icon\"><svg fill=\"#000000\" xmlns=\"http:\/\/www.w3.org\/2000\/svg\" width=\"24\" height=\"24\" viewBox=\"0 0 24 24\"><path fill=\"none\" d=\"M0,0h24v24H0V0z\"><\/path><path d=\"M12,5.83L15.17,9l1.41-1.41L12,3L7.41,7.59L8.83,9L12,5.83z M12,18.17L8.83,15l-1.41,1.41L12,21l4.59-4.59L15.17,15 L12,18.17z\"><\/path><\/svg><\/span><h4 class=\"advgb-accordion-header-title\" style=\"color:inherit\">2. Vad \u00e4r en frimurarorden?<\/h4><\/div><div class=\"advgb-accordion-body\" style=\"border-style:solid !important;border-width:0px !important;border-color:undefined !important;border-top:none !important;border-radius:2px !important\">\n<p>En frimurarorder \u00e4r en samling frimurarloger. Frimurare f\u00f6rs\u00f6ker praktisera frimureriets ideal och tr\u00e4ffas regelbundet i loger f\u00f6r att utf\u00f6ra ceremonier som uttrycker dessa ideal, att studera tillsammans och att ha frimurarsamtal med likasinnade.<\/p>\n<\/div><\/div>\n\n\n\n<div class=\"wp-block-advgb-accordion-item advgb-accordion-item advgb-dyn-82821ef2\" style=\"margin-bottom:15px\"><div class=\"advgb-accordion-header\" style=\"background-color:#dbf0fe;color:#000000;border-style:solid;border-width:0px;border-radius:2px\"><span class=\"advgb-accordion-header-icon\"><svg fill=\"#000000\" xmlns=\"http:\/\/www.w3.org\/2000\/svg\" width=\"24\" height=\"24\" viewBox=\"0 0 24 24\"><path fill=\"none\" d=\"M0,0h24v24H0V0z\"><\/path><path d=\"M12,5.83L15.17,9l1.41-1.41L12,3L7.41,7.59L8.83,9L12,5.83z M12,18.17L8.83,15l-1.41,1.41L12,21l4.59-4.59L15.17,15 L12,18.17z\"><\/path><\/svg><\/span><h4 class=\"advgb-accordion-header-title\" style=\"color:inherit\">3. Vad \u00e4r det som utm\u00e4rker &#8220;LE DROIT HUMAIN&#8221;?<\/h4><\/div><div class=\"advgb-accordion-body\" style=\"border-style:solid !important;border-width:0px !important;border-color:undefined !important;border-top:none !important;border-radius:2px !important\">\n<p>Den internationella frimurarorden f\u00f6r m\u00e4n och kvinnor &#8220;LE DROIT HUMAIN&#8221; har sitt huvudkontor i Paris och grundades 1893. Ordningen utm\u00e4rker sig genom att vara en av ytterst f\u00e5 i v\u00e4rlden som sl\u00e4pper in b\u00e5de m\u00e4n och kvinnor p\u00e5 lika villkor och \u00e4r \u00f6ppen f\u00f6r alla \u00e4rliga och uppriktiga personer \u00f6ver 18 \u00e5r, oavsett k\u00f6n, ras, religion eller social status. &#8220;LE DROIT HUMAIN&#8221; har loger i 58 l\u00e4nder.<\/p>\n<\/div><\/div>\n\n\n\n<div class=\"wp-block-advgb-accordion-item advgb-accordion-item advgb-dyn-91891c0a\" style=\"margin-bottom:15px\"><div class=\"advgb-accordion-header\" style=\"background-color:#dbf0fe;color:#000000;border-style:solid;border-width:0px;border-radius:2px\"><span class=\"advgb-accordion-header-icon\"><svg fill=\"#000000\" xmlns=\"http:\/\/www.w3.org\/2000\/svg\" width=\"24\" height=\"24\" viewBox=\"0 0 24 24\"><path fill=\"none\" d=\"M0,0h24v24H0V0z\"><\/path><path d=\"M12,5.83L15.17,9l1.41-1.41L12,3L7.41,7.59L8.83,9L12,5.83z M12,18.17L8.83,15l-1.41,1.41L12,21l4.59-4.59L15.17,15 L12,18.17z\"><\/path><\/svg><\/span><h4 class=\"advgb-accordion-header-title\" style=\"color:inherit\">4. Vad \u00e4r skillnaden mellan &#8220;LE DROIT HUMAIN&#8221; och andra frimurarordnar?<\/h4><\/div><div class=\"advgb-accordion-body\" style=\"border-style:solid !important;border-width:0px !important;border-color:undefined !important;border-top:none !important;border-radius:2px !important\">\n<p>Den grundl\u00e4ggande skillnaden \u00e4r att &#8220;LE DROIT HUMAIN&#8221; sl\u00e4pper in b\u00e5de m\u00e4n och kvinnor p\u00e5 lika villkor, men ocks\u00e5 att m\u00e4n och kvinnor tillsammans utf\u00f6r logens ceremoniella arbete och delar alla ritualer, ansvar och plikter. Andra ordnar sl\u00e4pper bara in m\u00e4n, ett f\u00e5tal bara kvinnor, och s\u00e5 finns det ordnar som sl\u00e4pper in b\u00e5de m\u00e4n och kvinnor, men d\u00e4r k\u00f6nen arbetar separat.<\/p>\n<\/div><\/div>\n\n\n\n<div class=\"wp-block-advgb-accordion-item advgb-accordion-item advgb-dyn-085009eb\" style=\"margin-bottom:15px\"><div class=\"advgb-accordion-header\" style=\"background-color:#dbf0fe;color:#000000;border-style:solid;border-width:0px;border-radius:2px\"><span class=\"advgb-accordion-header-icon\"><svg fill=\"#000000\" xmlns=\"http:\/\/www.w3.org\/2000\/svg\" width=\"24\" height=\"24\" viewBox=\"0 0 24 24\"><path fill=\"none\" d=\"M0,0h24v24H0V0z\"><\/path><path d=\"M12,5.83L15.17,9l1.41-1.41L12,3L7.41,7.59L8.83,9L12,5.83z M12,18.17L8.83,15l-1.41,1.41L12,21l4.59-4.59L15.17,15 L12,18.17z\"><\/path><\/svg><\/span><h4 class=\"advgb-accordion-header-title\" style=\"color:inherit\">5. Vad betyder &#8220;LE DROIT HUMAIN&#8221;?<\/h4><\/div><div class=\"advgb-accordion-body\" style=\"border-style:solid !important;border-width:0px !important;border-color:undefined !important;border-top:none !important;border-radius:2px !important\">\n<p>Det \u00e4r franska, och direkt \u00f6versatt betyder det &#8220;m\u00e4nskliga r\u00e4ttigheter&#8221;, vilket betyder att m\u00e4nniskor \u00e4r likv\u00e4rdig och d\u00e4rf\u00f6r har samma r\u00e4ttigheter. Det \u00e4r allts\u00e5 en r\u00e4ttighet f\u00f6r alla m\u00e4nniskor att bli frimurare, oavsett k\u00f6n, ras, religion, om de uppfyller kriterierna. Det h\u00e4nvisar ocks\u00e5 till naturlagarna och den h\u00f6gre r\u00e4ttvisan eller meningen med m\u00e4nskligt liv till skillnad fr\u00e5n de av m\u00e4nniskan skapade lagarna. Det betecknar r\u00e4tten och ansvaret som varje m\u00e4nniska f\u00f6ds med, till exempel de grundl\u00e4ggande r\u00e4ttigheterna som citeras i 1776 \u00e5rs amerikanska sj\u00e4lvst\u00e4ndighetsf\u00f6rklaring:<\/p>\n\n\n\n<p>&#8220;Vi anser att dessa sanningar \u00e4r sj\u00e4lvklara, att alla m\u00e4nniskor \u00e4r skapade lika, att de har givits av Skaparen vissa of\u00f6rytterliga r\u00e4ttigheter, bland dessa liv och frihet att str\u00e4va efter lycka&#8221;.<\/p>\n<\/div><\/div>\n\n\n\n<div class=\"wp-block-advgb-accordion-item advgb-accordion-item advgb-dyn-54b1ff52\" style=\"margin-bottom:15px\"><div class=\"advgb-accordion-header\" style=\"background-color:#dbf0fe;color:#000000;border-style:solid;border-width:0px;border-radius:2px\"><span class=\"advgb-accordion-header-icon\"><svg fill=\"#000000\" xmlns=\"http:\/\/www.w3.org\/2000\/svg\" width=\"24\" height=\"24\" viewBox=\"0 0 24 24\"><path fill=\"none\" d=\"M0,0h24v24H0V0z\"><\/path><path d=\"M12,5.83L15.17,9l1.41-1.41L12,3L7.41,7.59L8.83,9L12,5.83z M12,18.17L8.83,15l-1.41,1.41L12,21l4.59-4.59L15.17,15 L12,18.17z\"><\/path><\/svg><\/span><h4 class=\"advgb-accordion-header-title\" style=\"color:inherit\">6. Vilka ideal f\u00f6rs\u00f6ker frimuraren leva efter?<\/h4><\/div><div class=\"advgb-accordion-body\" style=\"border-style:solid !important;border-width:0px !important;border-color:undefined !important;border-top:none !important;border-radius:2px !important\">\n<p>De kan uttryckas p\u00e5 m\u00e5nga s\u00e4tt, d\u00e4r &#8220;Frihet, J\u00e4mlikhet och Broderskap&#8221; \u00e4r en av dem: &#8220;Frihet&#8221; f\u00f6r individen att f\u00f6lja sitt eget samvete och utveckla sina f\u00e4rdigheter och intellektuella kapacitet. &#8220;J\u00e4mlikhet&#8221; f\u00f6r att inse att alla m\u00e4nniskor \u00e4r likv\u00e4rdig i fysisk, mental och andlig natur och f\u00f6rtj\u00e4nar respekt. &#8220;Broderskap&#8221; som ett \u00f6msesidigt ansvar att st\u00f6tta och hj\u00e4lpa varandra.<\/p>\n<\/div><\/div>\n\n\n\n<div class=\"wp-block-advgb-accordion-item advgb-accordion-item advgb-dyn-7227392c\" style=\"margin-bottom:15px\"><div class=\"advgb-accordion-header\" style=\"background-color:#dbf0fe;color:#000000;border-style:solid;border-width:0px;border-radius:2px\"><span class=\"advgb-accordion-header-icon\"><svg fill=\"#000000\" xmlns=\"http:\/\/www.w3.org\/2000\/svg\" width=\"24\" height=\"24\" viewBox=\"0 0 24 24\"><path fill=\"none\" d=\"M0,0h24v24H0V0z\"><\/path><path d=\"M12,5.83L15.17,9l1.41-1.41L12,3L7.41,7.59L8.83,9L12,5.83z M12,18.17L8.83,15l-1.41,1.41L12,21l4.59-4.59L15.17,15 L12,18.17z\"><\/path><\/svg><\/span><h4 class=\"advgb-accordion-header-title\" style=\"color:inherit\">7. \u00c4r frimureriet en religion?<\/h4><\/div><div class=\"advgb-accordion-body\" style=\"border-style:solid !important;border-width:0px !important;border-color:undefined !important;border-top:none !important;border-radius:2px !important\">\n<p>Nej. Frimureriet sysslar med livets grundl\u00e4ggande fr\u00e5gor och d\u00e4rf\u00f6r \u00e4r vissa frimurare bekanta med religiositet och \u00f6ppna f\u00f6r religion. Frimureriet arbetar till \u00e4ra f\u00f6r &#8220;den store v\u00e4rldsarkitekten&#8221; (ett poetiskt uttryck f\u00f6r en kosmisk, kreativ och v\u00e4gledande intelligens), och till &#8220;m\u00e4nsklighetens perfektion&#8221;. Oavsett s\u00e5 \u00e4r frimureriet ingen religion, och frimurare tillh\u00f6r alla v\u00e4rldens religioner \u2013 eller ingen alls. Frimureriet har inga dogmer eller doktriner som styr den enskilda frimurarens livs\u00e5sk\u00e5dning eller tro, och detta \u00e4r en viktig faktor n\u00e4r man s\u00f6ker efter en h\u00f6gre mening med livet. Varje frimurare \u00e4r fri att ha sina egna religi\u00f6sa och politiska \u00e5sikter.<\/p>\n<\/div><\/div>\n\n\n\n<div class=\"wp-block-advgb-accordion-item advgb-accordion-item advgb-dyn-d3faee15\" style=\"margin-bottom:15px\"><div class=\"advgb-accordion-header\" style=\"background-color:#dbf0fe;color:#000000;border-style:solid;border-width:0px;border-radius:2px\"><span class=\"advgb-accordion-header-icon\"><svg fill=\"#000000\" xmlns=\"http:\/\/www.w3.org\/2000\/svg\" width=\"24\" height=\"24\" viewBox=\"0 0 24 24\"><path fill=\"none\" d=\"M0,0h24v24H0V0z\"><\/path><path d=\"M12,5.83L15.17,9l1.41-1.41L12,3L7.41,7.59L8.83,9L12,5.83z M12,18.17L8.83,15l-1.41,1.41L12,21l4.59-4.59L15.17,15 L12,18.17z\"><\/path><\/svg><\/span><h4 class=\"advgb-accordion-header-title\" style=\"color:inherit\">8. \u00c4r det n\u00f6dv\u00e4ndigt att tro p\u00e5 Gud f\u00f6r att bli frimurare?<\/h4><\/div><div class=\"advgb-accordion-body\" style=\"border-style:solid !important;border-width:0px !important;border-color:undefined !important;border-top:none !important;border-radius:2px !important\">\n<p>Om man arbetar f\u00f6r &#8220;den store v\u00e4rldsarkitektens \u00e4ra&#8221;, \u00e4r det n\u00f6dv\u00e4ndigt att tro p\u00e5 en kreativ princip, en form av andlig intelligens som styr universum. Hur man tror, \u200b\u200beller hur man t\u00e4nker kring detta, det \u00e4r individens egen sak. Spr\u00e5ket som anv\u00e4nds f\u00f6r att beskriva det \u00e4r ofta h\u00f6gtidligt, bildligt och poetiskt.<\/p>\n\n\n\n<p>Frimurare f\u00f6rest\u00e4ller sig denna kreativa princip eller Gud p\u00e5 m\u00e5nga olika s\u00e4tt utifr\u00e5n var och en av deras bakgrund, och de talar om Gud p\u00e5 ett symboliskt s\u00e4tt.<\/p>\n<\/div><\/div>\n\n\n\n<div class=\"wp-block-advgb-accordion-item advgb-accordion-item advgb-dyn-84fc795d\" style=\"margin-bottom:15px\"><div class=\"advgb-accordion-header\" style=\"background-color:#dbf0fe;color:#000000;border-style:solid;border-width:0px;border-radius:2px\"><span class=\"advgb-accordion-header-icon\"><svg fill=\"#000000\" xmlns=\"http:\/\/www.w3.org\/2000\/svg\" width=\"24\" height=\"24\" viewBox=\"0 0 24 24\"><path fill=\"none\" d=\"M0,0h24v24H0V0z\"><\/path><path d=\"M12,5.83L15.17,9l1.41-1.41L12,3L7.41,7.59L8.83,9L12,5.83z M12,18.17L8.83,15l-1.41,1.41L12,21l4.59-4.59L15.17,15 L12,18.17z\"><\/path><\/svg><\/span><h4 class=\"advgb-accordion-header-title\" style=\"color:inherit\">9. Varf\u00f6r kallas det frimureri?<\/h4><\/div><div class=\"advgb-accordion-body\" style=\"border-style:solid !important;border-width:0px !important;border-color:undefined !important;border-top:none !important;border-radius:2px !important\">\n<p>Frimureriet har r\u00f6tter l\u00e5ngt tillbaka i tiden, bland annat till de gamla mysterieskolorna i Grekland och Egypten. Som vi k\u00e4nner den idag h\u00e4rstammar den fr\u00e5n medeltidens murarskr\u00e5n, i synnerhet fr\u00e5n kyrkobyggargillen, vars hantverkare hade f\u00f6rm\u00e5nen att resa fritt och utf\u00f6ra sitt hantverk. Av den anledningen kallades de &#8220;frimurare&#8221; av sina platsbundna kollegor.<\/p>\n\n\n\n<p>I b\u00f6rjan var dessa skr\u00e5n &#8211; eller loger, som de ocks\u00e5 kallade sig sj\u00e4lva, bara &#8220;operativa&#8221;, d.v.s. enbart samlade kring att l\u00f6sa den nuvarande byggnadsuppgiften, men i slutet av 1600-talet splittrades de i tv\u00e5 delar, varav den ena fortfarande hade den praktiska konstruktionen, och den andre \u00e4gnade sig helt \u00e5t moralisk och symbolisk uppbyggelse av sina medlemmar och \u00f6ppnade sig f\u00f6r icke-byggare. Dessa loger kallades &#8220;spekulativa&#8221; och frimureriet \u00e4r idag en forts\u00e4ttning p\u00e5 deras arbete.<\/p>\n\n\n\n<p>Den f\u00f6rsta storlogen grundades i London 1717 genom att ett antal spekulativa loger gick samman, och det var s\u00e5 frimureriet b\u00f6rjade som en form av organisation p\u00e5 senare tid.<\/p>\n\n\n\n<p>Den centrala symbolen i frimureriet \u00e4r byggnaden av kung Salomos tempel, och olika verktyg och aktiviteter fr\u00e5n murarhandeln anv\u00e4nds symboliskt i frimureriet.<\/p>\n<\/div><\/div>\n\n\n\n<div class=\"wp-block-advgb-accordion-item advgb-accordion-item advgb-dyn-1d0d3125\" style=\"margin-bottom:15px\"><div class=\"advgb-accordion-header\" style=\"background-color:#dbf0fe;color:#000000;border-style:solid;border-width:0px;border-radius:2px\"><span class=\"advgb-accordion-header-icon\"><svg fill=\"#000000\" xmlns=\"http:\/\/www.w3.org\/2000\/svg\" width=\"24\" height=\"24\" viewBox=\"0 0 24 24\"><path fill=\"none\" d=\"M0,0h24v24H0V0z\"><\/path><path d=\"M12,5.83L15.17,9l1.41-1.41L12,3L7.41,7.59L8.83,9L12,5.83z M12,18.17L8.83,15l-1.41,1.41L12,21l4.59-4.59L15.17,15 L12,18.17z\"><\/path><\/svg><\/span><h4 class=\"advgb-accordion-header-title\" style=\"color:inherit\">10. Vad h\u00e4nder p\u00e5 ett logem\u00f6te i Skandinaviska federationen?<\/h4><\/div><div class=\"advgb-accordion-body\" style=\"border-style:solid !important;border-width:0px !important;border-color:undefined !important;border-top:none !important;border-radius:2px !important\">\n<p>Frimurare tr\u00e4ffas n\u00e5gra kv\u00e4llar i m\u00e5naden och b\u00f6rjar med att g\u00f6ra i ordning logesalen. Logesalen \u00e4r ett st\u00f6rre rum d\u00e4r speciella &#8220;m\u00f6bler&#8221; och symboler \u00e4r placerade. Varje sak har sin speciella plats och betydelse.<\/p>\n\n\n\n<p>Alla \u00e4r kl\u00e4dda i identiska vita kostymer (som tillhandah\u00e5lls gratis) och g\u00e5r in i logehallen. H\u00e4r f\u00f6ljer en speciell ritual f\u00f6r logens \u00f6ppnande, st\u00e4mningsfull musik och en frimurarf\u00f6rel\u00e4sning. I logem\u00f6tet ing\u00e5r \u00e4ven \u00e4mnen som vilken organisation eller f\u00f6rening som helst ska syssla med \u2014 praktiska, administrativa saker som godk\u00e4nnande av protokoll och liknande. Slutligen st\u00e4ngs logen igen med en speciell ritual.<\/p>\n\n\n\n<p>Efter att ha marscherat ut hj\u00e4lps alla \u00e5t att s\u00e4tta de olika logesakerna p\u00e5 plats. Efter\u00e5t intas lite mat och te\/kaffe medan kv\u00e4llens inneh\u00e5ll diskuteras.<\/p>\n\n\n\n<p>Om en ny medlem ska antas, eller om en frimurare ska f\u00e5 ytterligare examen, sker en s\u00e4rskild ceremoni f\u00f6r detta ist\u00e4llet f\u00f6r frimurarf\u00f6rel\u00e4sningen. Ett s\u00e5dant m\u00f6te brukar vara l\u00e4ngre \u00e4n ett vanligt m\u00f6te.<\/p>\n\n\n\n<p>Frimureriet \u00e4r indelat i grader, och f\u00f6r varje examen f\u00e5r frimuraren ny kunskap. Den nya medlemmen b\u00f6rjar i 1:a graden och kan efter ett antal \u00e5rs ih\u00e4rdiga studier av de olika examina och sidoexamina sluta med att erh\u00e5lla den 33:e graden, vilket kompletterar frimureriets examenssystem i &#8220;LE DROIT HUMAIN&#8221;, som anv\u00e4nder gamla och antagna skotska rite.<\/p>\n<\/div><\/div>\n\n\n\n<div class=\"wp-block-advgb-accordion-item advgb-accordion-item advgb-dyn-fab13980\" style=\"margin-bottom:15px\"><div class=\"advgb-accordion-header\" style=\"background-color:#dbf0fe;color:#000000;border-style:solid;border-width:0px;border-radius:2px\"><span class=\"advgb-accordion-header-icon\"><svg fill=\"#000000\" xmlns=\"http:\/\/www.w3.org\/2000\/svg\" width=\"24\" height=\"24\" viewBox=\"0 0 24 24\"><path fill=\"none\" d=\"M0,0h24v24H0V0z\"><\/path><path d=\"M12,5.83L15.17,9l1.41-1.41L12,3L7.41,7.59L8.83,9L12,5.83z M12,18.17L8.83,15l-1.41,1.41L12,21l4.59-4.59L15.17,15 L12,18.17z\"><\/path><\/svg><\/span><h4 class=\"advgb-accordion-header-title\" style=\"color:inherit\">11. Var \u00e4ger m\u00f6tena rum?<\/h4><\/div><div class=\"advgb-accordion-body\" style=\"border-style:solid !important;border-width:0px !important;border-color:undefined !important;border-top:none !important;border-radius:2px !important\">\n<p>De skandinaviska logerna \u00e4ger inte sj\u00e4lva fastigheter utan har hyrt l\u00e4mpliga platser, d\u00e4r logens medlemmar inf\u00f6r varje m\u00f6te bygger ett speciellt rum, ett tempel, d\u00e4r varje sak och var saks placering har sin egen symbolik.<\/p>\n<\/div><\/div>\n\n\n\n<div class=\"wp-block-advgb-accordion-item advgb-accordion-item advgb-dyn-6f1cf6df\" style=\"margin-bottom:15px\"><div class=\"advgb-accordion-header\" style=\"background-color:#dbf0fe;color:#000000;border-style:solid;border-width:0px;border-radius:2px\"><span class=\"advgb-accordion-header-icon\"><svg fill=\"#000000\" xmlns=\"http:\/\/www.w3.org\/2000\/svg\" width=\"24\" height=\"24\" viewBox=\"0 0 24 24\"><path fill=\"none\" d=\"M0,0h24v24H0V0z\"><\/path><path d=\"M12,5.83L15.17,9l1.41-1.41L12,3L7.41,7.59L8.83,9L12,5.83z M12,18.17L8.83,15l-1.41,1.41L12,21l4.59-4.59L15.17,15 L12,18.17z\"><\/path><\/svg><\/span><h4 class=\"advgb-accordion-header-title\" style=\"color:inherit\">12. Finns det n\u00e5gra djupare r\u00f6tter till frimureriet?<\/h4><\/div><div class=\"advgb-accordion-body\" style=\"border-style:solid !important;border-width:0px !important;border-color:undefined !important;border-top:none !important;border-radius:2px !important\">\n<p>De tidiga spekulativa frimurarna verkar bygga p\u00e5 \u00e4ldre id\u00e9er, tankar och filosofi, s\u00e4rskilt de symboliska tolkningarna av bilder och geometri. Dessa id\u00e9er och tankar f\u00f6rbinder tematiskt frimureriet med en serie r\u00f6relser fr\u00e5n antiken till medeltiden, med mysterieskolorna i \u00f6st och antikens Grekland och Egypten, den pytagoreiska skolan, Platon och nyplatonisterna, gnostiker, hermetister, tempelriddare, Kabbalister, alkemister och rosenkorsare &#8211; f\u00f6r att nu n\u00e4mna n\u00e5gra. Det finns ocks\u00e5 inspiration fr\u00e5n ren\u00e4ssansen och upplysningstiden.<\/p>\n<\/div><\/div>\n\n\n\n<div class=\"wp-block-advgb-accordion-item advgb-accordion-item advgb-dyn-ed2e3cd9\" style=\"margin-bottom:15px\"><div class=\"advgb-accordion-header\" style=\"background-color:#dbf0fe;color:#000000;border-style:solid;border-width:0px;border-radius:2px\"><span class=\"advgb-accordion-header-icon\"><svg fill=\"#000000\" xmlns=\"http:\/\/www.w3.org\/2000\/svg\" width=\"24\" height=\"24\" viewBox=\"0 0 24 24\"><path fill=\"none\" d=\"M0,0h24v24H0V0z\"><\/path><path d=\"M12,5.83L15.17,9l1.41-1.41L12,3L7.41,7.59L8.83,9L12,5.83z M12,18.17L8.83,15l-1.41,1.41L12,21l4.59-4.59L15.17,15 L12,18.17z\"><\/path><\/svg><\/span><h4 class=\"advgb-accordion-header-title\" style=\"color:inherit\">13. Vad f\u00f6rv\u00e4ntas av en frimurare?<\/h4><\/div><div class=\"advgb-accordion-body\" style=\"border-style:solid !important;border-width:0px !important;border-color:undefined !important;border-top:none !important;border-radius:2px !important\">\n<p>En frimurare f\u00f6rv\u00e4ntas leva som en anst\u00e4ndig m\u00e4nniska &#8211; det vill s\u00e4ga att f\u00f6rs\u00f6ka uppn\u00e5 sj\u00e4lvk\u00e4nnedom, att s\u00f6ka s\u00e4tt att hj\u00e4lpa andra, att respektera varje synvinkel och att h\u00e5lla sina l\u00f6ften. Konsekvensen av detta arbete kan bli sj\u00e4lvutveckling.<\/p>\n\n\n\n<p>En frimurare \u00e5tar sig ocks\u00e5 att betala sina frimuraravgifter och att delta i sin loges m\u00f6ten \u2014 ca. var 14:e dag utom under sommarm\u00e5naderna.<\/p>\n<\/div><\/div>\n\n\n\n<div class=\"wp-block-advgb-accordion-item advgb-accordion-item advgb-dyn-3cbfe357\" style=\"margin-bottom:15px\"><div class=\"advgb-accordion-header\" style=\"background-color:#dbf0fe;color:#000000;border-style:solid;border-width:0px;border-radius:2px\"><span class=\"advgb-accordion-header-icon\"><svg fill=\"#000000\" xmlns=\"http:\/\/www.w3.org\/2000\/svg\" width=\"24\" height=\"24\" viewBox=\"0 0 24 24\"><path fill=\"none\" d=\"M0,0h24v24H0V0z\"><\/path><path d=\"M12,5.83L15.17,9l1.41-1.41L12,3L7.41,7.59L8.83,9L12,5.83z M12,18.17L8.83,15l-1.41,1.41L12,21l4.59-4.59L15.17,15 L12,18.17z\"><\/path><\/svg><\/span><h4 class=\"advgb-accordion-header-title\" style=\"color:inherit\">14. \u00c4r frimureriet en hemlig sekt?<\/h4><\/div><div class=\"advgb-accordion-body\" style=\"border-style:solid !important;border-width:0px !important;border-color:undefined !important;border-top:none !important;border-radius:2px !important\">\n<p>Nej, definitivt inte. En sekt \u00e4r en grupp som placerar stark kontroll \u00f6ver sina medlemmars tankar, \u00f6vertygelser och handlingar, medan frimureriet \u00e4r ganska odogmatiskt. Frimureriet \u00e4r inte heller hemligt, utan h\u00e5ller bara sina ritualer hemliga av ceremoniella sk\u00e4l, och frimureriet har aldrig f\u00f6rs\u00f6kt d\u00f6lja sin existens.<\/p>\n\n\n\n<p>Det \u00e4r f\u00f6rst\u00e5s en privatsak f\u00f6r varje individ, vem man vill ber\u00e4tta att man \u00e4r frimurare, precis som med s\u00e5 mycket annat som man kan vara medlem i. Frimurare har under \u00e5ren kanske varit lite ovilliga att prata om sitt medlemskap \u2013 l\u00e4rde sig bland annat av f\u00f6rf\u00f6ljelsen som frimurare utsattes f\u00f6r under nazismen. Och \u00e4nnu l\u00e4ngre tillbaka i tiden, n\u00e4r frimurare f\u00f6rf\u00f6ljdes av inkvisitionen.<\/p>\n<\/div><\/div>\n\n\n\n<div class=\"wp-block-advgb-accordion-item advgb-accordion-item advgb-dyn-8724e6cd\" style=\"margin-bottom:15px\"><div class=\"advgb-accordion-header\" style=\"background-color:#dbf0fe;color:#000000;border-style:solid;border-width:0px;border-radius:2px\"><span class=\"advgb-accordion-header-icon\"><svg fill=\"#000000\" xmlns=\"http:\/\/www.w3.org\/2000\/svg\" width=\"24\" height=\"24\" viewBox=\"0 0 24 24\"><path fill=\"none\" d=\"M0,0h24v24H0V0z\"><\/path><path d=\"M12,5.83L15.17,9l1.41-1.41L12,3L7.41,7.59L8.83,9L12,5.83z M12,18.17L8.83,15l-1.41,1.41L12,21l4.59-4.59L15.17,15 L12,18.17z\"><\/path><\/svg><\/span><h4 class=\"advgb-accordion-header-title\" style=\"color:inherit\">15. Har frimureriet hemligheter?<\/h4><\/div><div class=\"advgb-accordion-body\" style=\"border-style:solid !important;border-width:0px !important;border-color:undefined !important;border-top:none !important;border-radius:2px !important\">\n<p>Frimureriet h\u00e5ller sina ritualer hemliga f\u00f6r att inte f\u00f6rst\u00f6ra upplevelsen f\u00f6r dem som ska sl\u00e4ppas in. P\u00e5 s\u00e5 s\u00e4tt blir ritualerna en f\u00f6renande mekanism f\u00f6r frimurare. Ritualerna \u00e4r symboler f\u00f6r det i livet som inte g\u00e5r att beskriva med ord. N\u00e4r flera personer \u00e4r samlade f\u00f6r samma \u00e4ndam\u00e5l kan de kommunicera sina upplevelser med varandra genom symboler, som sedan verkar hemliga f\u00f6r dem som inte har haft dessa upplevelser.<\/p>\n<\/div><\/div>\n\n\n\n<div class=\"wp-block-advgb-accordion-item advgb-accordion-item advgb-dyn-451a6ea7\" style=\"margin-bottom:15px\"><div class=\"advgb-accordion-header\" style=\"background-color:#dbf0fe;color:#000000;border-style:solid;border-width:0px;border-radius:2px\"><span class=\"advgb-accordion-header-icon\"><svg fill=\"#000000\" xmlns=\"http:\/\/www.w3.org\/2000\/svg\" width=\"24\" height=\"24\" viewBox=\"0 0 24 24\"><path fill=\"none\" d=\"M0,0h24v24H0V0z\"><\/path><path d=\"M12,5.83L15.17,9l1.41-1.41L12,3L7.41,7.59L8.83,9L12,5.83z M12,18.17L8.83,15l-1.41,1.41L12,21l4.59-4.59L15.17,15 L12,18.17z\"><\/path><\/svg><\/span><h4 class=\"advgb-accordion-header-title\" style=\"color:inherit\">16. \u00c4r frimureriet ockult eller esoteriskt?<\/h4><\/div><div class=\"advgb-accordion-body\" style=\"border-style:solid !important;border-width:0px !important;border-color:undefined !important;border-top:none !important;border-radius:2px !important\">\n<p>Ordet <em>ockult <\/em>betyder &#8220;n\u00e5got dolt&#8221; och esoterisk betyder &#8220;n\u00e5got inre&#8221; eller &#8220;f\u00f6r den invigde&#8221;. P\u00e5 s\u00e5 s\u00e4tt \u00e4r frimureriet b\u00e5de ockult och esoteriskt, eftersom frimurarna s\u00f6ker efter djupare mening och h\u00f6gre sanning p\u00e5 en inre niv\u00e5 i enlighet med frimurarnas ideal, syfte och moral.<\/p>\n<\/div><\/div>\n\n\n\n<div class=\"wp-block-advgb-accordion-item advgb-accordion-item advgb-dyn-4205dbaa\" style=\"margin-bottom:15px\"><div class=\"advgb-accordion-header\" style=\"background-color:#dbf0fe;color:#000000;border-style:solid;border-width:0px;border-radius:2px\"><span class=\"advgb-accordion-header-icon\"><svg fill=\"#000000\" xmlns=\"http:\/\/www.w3.org\/2000\/svg\" width=\"24\" height=\"24\" viewBox=\"0 0 24 24\"><path fill=\"none\" d=\"M0,0h24v24H0V0z\"><\/path><path d=\"M12,5.83L15.17,9l1.41-1.41L12,3L7.41,7.59L8.83,9L12,5.83z M12,18.17L8.83,15l-1.41,1.41L12,21l4.59-4.59L15.17,15 L12,18.17z\"><\/path><\/svg><\/span><h4 class=\"advgb-accordion-header-title\" style=\"color:inherit\">17. \u00c4r frimureriet involverat i politisk verksamhet?<\/h4><\/div><div class=\"advgb-accordion-body\" style=\"border-style:solid !important;border-width:0px !important;border-color:undefined !important;border-top:none !important;border-radius:2px !important\">\n<p>Nej. En frimurare har friheten att tillh\u00f6ra vilket politiskt parti som helst, men f\u00f6rv\u00e4ntas f\u00f6lja landets lagar och f\u00f6rordningar. Frimureriet har inga politiska m\u00e5l eller intressen, och frimurarna diskuterar traditionellt inte politik p\u00e5 sina m\u00f6ten, just f\u00f6r att inte l\u00e5ta politiken st\u00f6ra harmonin mellan frimurarna.<\/p>\n<\/div><\/div>\n\n\n\n<div class=\"wp-block-advgb-accordion-item advgb-accordion-item advgb-dyn-16fc6a62\" style=\"margin-bottom:15px\"><div class=\"advgb-accordion-header\" style=\"background-color:#dbf0fe;color:#000000;border-style:solid;border-width:0px;border-radius:2px\"><span class=\"advgb-accordion-header-icon\"><svg fill=\"#000000\" xmlns=\"http:\/\/www.w3.org\/2000\/svg\" width=\"24\" height=\"24\" viewBox=\"0 0 24 24\"><path fill=\"none\" d=\"M0,0h24v24H0V0z\"><\/path><path d=\"M12,5.83L15.17,9l1.41-1.41L12,3L7.41,7.59L8.83,9L12,5.83z M12,18.17L8.83,15l-1.41,1.41L12,21l4.59-4.59L15.17,15 L12,18.17z\"><\/path><\/svg><\/span><h4 class=\"advgb-accordion-header-title\" style=\"color:inherit\">18. Hur m\u00e5nga typer av frimureri finns det i v\u00e4rlden?<\/h4><\/div><div class=\"advgb-accordion-body\" style=\"border-style:solid !important;border-width:0px !important;border-color:undefined !important;border-top:none !important;border-radius:2px !important\">\n<p>Det finns m\u00e5nga olika ordner runt om i v\u00e4rlden. &#8220;LE DROIT HUMAIN&#8221; utm\u00e4rker sig genom att ta emot b\u00e5de m\u00e4n och kvinnor som arbetar p\u00e5 lika villkor (se \u00e4ven punkt 3).<\/p>\n<\/div><\/div>\n\n\n\n<div class=\"wp-block-advgb-accordion-item advgb-accordion-item advgb-dyn-78a24d91\" style=\"margin-bottom:15px\"><div class=\"advgb-accordion-header\" style=\"background-color:#dbf0fe;color:#000000;border-style:solid;border-width:0px;border-radius:2px\"><span class=\"advgb-accordion-header-icon\"><svg fill=\"#000000\" xmlns=\"http:\/\/www.w3.org\/2000\/svg\" width=\"24\" height=\"24\" viewBox=\"0 0 24 24\"><path fill=\"none\" d=\"M0,0h24v24H0V0z\"><\/path><path d=\"M12,5.83L15.17,9l1.41-1.41L12,3L7.41,7.59L8.83,9L12,5.83z M12,18.17L8.83,15l-1.41,1.41L12,21l4.59-4.59L15.17,15 L12,18.17z\"><\/path><\/svg><\/span><h4 class=\"advgb-accordion-header-title\" style=\"color:inherit\">19. Kan frimurare fr\u00e5n andra frimurarordnar bes\u00f6ka &#8220;LE DROIT HUMAIN&#8221;?<\/h4><\/div><div class=\"advgb-accordion-body\" style=\"border-style:solid !important;border-width:0px !important;border-color:undefined !important;border-top:none !important;border-radius:2px !important\">\n<p>Ja. &#8220;LE DROIT HUMAIN&#8221; erk\u00e4nner andra frimurarordnar och tar emot bes\u00f6k fr\u00e5n dem.<\/p>\n<\/div><\/div>\n\n\n\n<div class=\"wp-block-advgb-accordion-item advgb-accordion-item advgb-dyn-59742bea\" style=\"margin-bottom:15px\"><div class=\"advgb-accordion-header\" style=\"background-color:#dbf0fe;color:#000000;border-style:solid;border-width:0px;border-radius:2px\"><span class=\"advgb-accordion-header-icon\"><svg fill=\"#000000\" xmlns=\"http:\/\/www.w3.org\/2000\/svg\" width=\"24\" height=\"24\" viewBox=\"0 0 24 24\"><path fill=\"none\" d=\"M0,0h24v24H0V0z\"><\/path><path d=\"M12,5.83L15.17,9l1.41-1.41L12,3L7.41,7.59L8.83,9L12,5.83z M12,18.17L8.83,15l-1.41,1.41L12,21l4.59-4.59L15.17,15 L12,18.17z\"><\/path><\/svg><\/span><h4 class=\"advgb-accordion-header-title\" style=\"color:inherit\">20. Vad \u00e4r en &#8220;rit&#8221; s\u00e5som den &#8220;skotska riten&#8221;?<\/h4><\/div><div class=\"advgb-accordion-body\" style=\"border-style:solid !important;border-width:0px !important;border-color:undefined !important;border-top:none !important;border-radius:2px !important\">\n<p>En ceremoni styrs av sin ritual, precis som en teaterpj\u00e4s styrs av sitt manus. Den gamla och antagna skotska riten \u00e4r ett system med 33 grader och denna riten styr ceremonierna i &#8220;LE DROIT HUMAIN&#8221;.<\/p>\n<\/div><\/div>\n\n\n\n<div class=\"wp-block-advgb-accordion-item advgb-accordion-item advgb-dyn-63c9a7c8\" style=\"margin-bottom:15px\"><div class=\"advgb-accordion-header\" style=\"background-color:#dbf0fe;color:#000000;border-style:solid;border-width:0px;border-radius:2px\"><span class=\"advgb-accordion-header-icon\"><svg fill=\"#000000\" xmlns=\"http:\/\/www.w3.org\/2000\/svg\" width=\"24\" height=\"24\" viewBox=\"0 0 24 24\"><path fill=\"none\" d=\"M0,0h24v24H0V0z\"><\/path><path d=\"M12,5.83L15.17,9l1.41-1.41L12,3L7.41,7.59L8.83,9L12,5.83z M12,18.17L8.83,15l-1.41,1.41L12,21l4.59-4.59L15.17,15 L12,18.17z\"><\/path><\/svg><\/span><h4 class=\"advgb-accordion-header-title\" style=\"color:inherit\">21. Vad h\u00e4nder under en frimurarinitiering?<\/h4><\/div><div class=\"advgb-accordion-body\" style=\"border-style:solid !important;border-width:0px !important;border-color:undefined !important;border-top:none !important;border-radius:2px !important\">\n<p>Initiering \u00e4r en formell, ceremoniell upptagning av en ny medlem d\u00e4r frimureriets seder och symboler f\u00f6rklaras f\u00f6r den nya medlemmen. Det \u00e4r som ett drama d\u00e4r den som blir initierad \u00e4r huvudpersonen. F\u00f6r att uppleva den fulla effekten av invigningen b\u00f6r du inte f\u00f6rs\u00f6ka lista ut vad som kommer att h\u00e4nda i f\u00f6rv\u00e4g. Ordet initiering \u00e4r detsamma som &#8220;inledning&#8221; och betyder bildligt talat &#8220;att g\u00e5 in&#8221;.<\/p>\n\n\n\n<p>&#8220;LE DROIT HUMAIN&#8221;s initieringar och ritualer bygger p\u00e5 respekt f\u00f6r individen.<\/p>\n<\/div><\/div>\n\n\n\n<div class=\"wp-block-advgb-accordion-item advgb-accordion-item advgb-dyn-ca88124a\" style=\"margin-bottom:15px\"><div class=\"advgb-accordion-header\" style=\"background-color:#dbf0fe;color:#000000;border-style:solid;border-width:0px;border-radius:2px\"><span class=\"advgb-accordion-header-icon\"><svg fill=\"#000000\" xmlns=\"http:\/\/www.w3.org\/2000\/svg\" width=\"24\" height=\"24\" viewBox=\"0 0 24 24\"><path fill=\"none\" d=\"M0,0h24v24H0V0z\"><\/path><path d=\"M12,5.83L15.17,9l1.41-1.41L12,3L7.41,7.59L8.83,9L12,5.83z M12,18.17L8.83,15l-1.41,1.41L12,21l4.59-4.59L15.17,15 L12,18.17z\"><\/path><\/svg><\/span><h4 class=\"advgb-accordion-header-title\" style=\"color:inherit\">22. Avger frimurare en ed?<\/h4><\/div><div class=\"advgb-accordion-body\" style=\"border-style:solid !important;border-width:0px !important;border-color:undefined !important;border-top:none !important;border-radius:2px !important\">\n<p>Under initiationsceremonin sv\u00e4r den nya medlemmen en ed att str\u00e4va efter att leva ett liv i enlighet med frimureriets ideal och att h\u00e5lla ritualer och symboler f\u00f6r sig sj\u00e4lva.<\/p>\n<\/div><\/div>\n\n\n\n<div class=\"wp-block-advgb-accordion-item advgb-accordion-item advgb-dyn-7b69b254\" style=\"margin-bottom:15px\"><div class=\"advgb-accordion-header\" style=\"background-color:#dbf0fe;color:#000000;border-style:solid;border-width:0px;border-radius:2px\"><span class=\"advgb-accordion-header-icon\"><svg fill=\"#000000\" xmlns=\"http:\/\/www.w3.org\/2000\/svg\" width=\"24\" height=\"24\" viewBox=\"0 0 24 24\"><path fill=\"none\" d=\"M0,0h24v24H0V0z\"><\/path><path d=\"M12,5.83L15.17,9l1.41-1.41L12,3L7.41,7.59L8.83,9L12,5.83z M12,18.17L8.83,15l-1.41,1.41L12,21l4.59-4.59L15.17,15 L12,18.17z\"><\/path><\/svg><\/span><h4 class=\"advgb-accordion-header-title\" style=\"color:inherit\">23. Varf\u00f6r \u00e4r frimureriet engagerat i symboler?<\/h4><\/div><div class=\"advgb-accordion-body\" style=\"border-style:solid !important;border-width:0px !important;border-color:undefined !important;border-top:none !important;border-radius:2px !important\">\n<p>Frimureriet \u00e4r ett symbolsystem med det specifika syftet att individen ska utvecklas och uppn\u00e5 fullt sj\u00e4lvf\u00f6rverkligande och att tj\u00e4na andra. \u00c4ven om du normalt inte t\u00e4nker p\u00e5 det s\u00e5 finns det symboler \u00f6verallt. Livet \u00e4r strukturerat av symboler p\u00e5 n\u00e4stan alla omr\u00e5den. Frimureriet anv\u00e4nder vissa specifika symboler f\u00f6r att uttrycka sina id\u00e9er och ideal.<\/p>\n<\/div><\/div>\n\n\n\n<div class=\"wp-block-advgb-accordion-item advgb-accordion-item advgb-dyn-fad7a281\" style=\"margin-bottom:15px\"><div class=\"advgb-accordion-header\" style=\"background-color:#dbf0fe;color:#000000;border-style:solid;border-width:0px;border-radius:2px\"><span class=\"advgb-accordion-header-icon\"><svg fill=\"#000000\" xmlns=\"http:\/\/www.w3.org\/2000\/svg\" width=\"24\" height=\"24\" viewBox=\"0 0 24 24\"><path fill=\"none\" d=\"M0,0h24v24H0V0z\"><\/path><path d=\"M12,5.83L15.17,9l1.41-1.41L12,3L7.41,7.59L8.83,9L12,5.83z M12,18.17L8.83,15l-1.41,1.41L12,21l4.59-4.59L15.17,15 L12,18.17z\"><\/path><\/svg><\/span><h4 class=\"advgb-accordion-header-title\" style=\"color:inherit\">24. Vilka speciella symboler finns det inom frimureriet?<\/h4><\/div><div class=\"advgb-accordion-body\" style=\"border-style:solid !important;border-width:0px !important;border-color:undefined !important;border-top:none !important;border-radius:2px !important\">\n<p>De tv\u00e5 mest v\u00e4lk\u00e4nda frimurarsymbolerna \u00e4r den r\u00e4ta vinkeln och kompassen, som syns i &#8220;LE DROIT HUMAIN&#8221;-logotypen. Den r\u00e4ta vinkeln kan s\u00e4gas representera materia och kompassen kan s\u00e4gas representera ande och medvetande. Det \u00e4r en tolkning av dessa symboler. Det faktum att den r\u00e4ta vinkeln och kompassen s\u00e5 ofta f\u00f6rekommer tillsammans tyder p\u00e5 att materia och ande \u00e4r \u00f6msesidigt beroende av varandra.<\/p>\n<\/div><\/div>\n\n\n\n<div class=\"wp-block-advgb-accordion-item advgb-accordion-item advgb-dyn-059b7a5f\" style=\"margin-bottom:15px\"><div class=\"advgb-accordion-header\" style=\"background-color:#dbf0fe;color:#000000;border-style:solid;border-width:0px;border-radius:2px\"><span class=\"advgb-accordion-header-icon\"><svg fill=\"#000000\" xmlns=\"http:\/\/www.w3.org\/2000\/svg\" width=\"24\" height=\"24\" viewBox=\"0 0 24 24\"><path fill=\"none\" d=\"M0,0h24v24H0V0z\"><\/path><path d=\"M12,5.83L15.17,9l1.41-1.41L12,3L7.41,7.59L8.83,9L12,5.83z M12,18.17L8.83,15l-1.41,1.41L12,21l4.59-4.59L15.17,15 L12,18.17z\"><\/path><\/svg><\/span><h4 class=\"advgb-accordion-header-title\" style=\"color:inherit\">25. Hur \u00e4r &#8220;LE DROIT HUMAIN&#8221; organiserat?<\/h4><\/div><div class=\"advgb-accordion-body\" style=\"border-style:solid !important;border-width:0px !important;border-color:undefined !important;border-top:none !important;border-radius:2px !important\">\n<p>&#8220;LE DROIT HUMAIN&#8221; har sitt huvudkontor i Paris, d\u00e4r organisationen grundades. Den h\u00f6gsta myndigheten \u00e4r H\u00f6gsta r\u00e5det, som best\u00e5r av representanter fr\u00e5n hela v\u00e4rlden. Ordf\u00f6randen f\u00f6r detta r\u00e5d \u00e4r den h\u00f6gste administrative chefen och den h\u00f6gsta ceremoniella tj\u00e4nsteperson inom ordnen. Ett land eller en region med minst fem loger och fler \u00e4n 100 medlemmar kan bli en sj\u00e4lvst\u00e4ndig federation med en egen administration som beslutar i ceremoniella fr\u00e5gor och representerar landet\/regionen i H\u00f6gsta r\u00e5det.<\/p>\n\n\n\n<p>Logerna \u00e4r grunden f\u00f6r allt frimurararbete, och varje frimurare tillh\u00f6r en lokal loge. I Danmark finns det tre s\u00e5dana loger &#8211; i Aalborg, \u00c5rhus och K\u00f6penhamn. I Norge finns det en loge i Stavanger och en i Drammen. I Sverige finns det loger i Stockholm och V\u00e4nersborg samt en triangel (en loge under uppbyggnad) i Malm\u00f6. Danmark, Norge och Sverige utg\u00f6r tillsammans Skandinaviska federationen. Mer l\u00e5ngtg\u00e5ende beslut fattas vid federationens \u00e5rliga kongress efter behandling i Federala r\u00e5det, som \u00e4r ett samordnande organ f\u00f6r Skandinaviska federationen.<\/p>\n<\/div><\/div>\n\n\n\n<div class=\"wp-block-advgb-accordion-item advgb-accordion-item advgb-dyn-3fb17e6c\" style=\"margin-bottom:15px\"><div class=\"advgb-accordion-header\" style=\"background-color:#dbf0fe;color:#000000;border-style:solid;border-width:0px;border-radius:2px\"><span class=\"advgb-accordion-header-icon\"><svg fill=\"#000000\" xmlns=\"http:\/\/www.w3.org\/2000\/svg\" width=\"24\" height=\"24\" viewBox=\"0 0 24 24\"><path fill=\"none\" d=\"M0,0h24v24H0V0z\"><\/path><path d=\"M12,5.83L15.17,9l1.41-1.41L12,3L7.41,7.59L8.83,9L12,5.83z M12,18.17L8.83,15l-1.41,1.41L12,21l4.59-4.59L15.17,15 L12,18.17z\"><\/path><\/svg><\/span><h4 class=\"advgb-accordion-header-title\" style=\"color:inherit\">26. Hur \u00e4r en loge organiserad?<\/h4><\/div><div class=\"advgb-accordion-body\" style=\"border-style:solid !important;border-width:0px !important;border-color:undefined !important;border-top:none !important;border-radius:2px !important\">\n<p>Logerna i Skandinaviska federationen har inget kontor med anst\u00e4llda som sk\u00f6ter logens angel\u00e4genheter. Detta utf\u00f6rs av medlemmarna i varje loge, som v\u00e4ljs demokratiskt f\u00f6r ett \u00e5r i taget till olika poster, inklusive en kass\u00f6r och en sekreterare, som p\u00e5 sin fritid tar hand om administrativa uppgifter. Andra har ceremoniella uppgifter som t.ex. ceremonim\u00e4stare.<\/p>\n\n\n\n<p>Logens ordf\u00f6rande har b\u00e5de ceremoniella och administrativa uppgifter och kallas f\u00f6r M\u00e4staren.<\/p>\n<\/div><\/div>\n\n\n\n<div class=\"wp-block-advgb-accordion-item advgb-accordion-item advgb-dyn-907a0ce2\" style=\"margin-bottom:15px\"><div class=\"advgb-accordion-header\" style=\"background-color:#dbf0fe;color:#000000;border-style:solid;border-width:0px;border-radius:2px\"><span class=\"advgb-accordion-header-icon\"><svg fill=\"#000000\" xmlns=\"http:\/\/www.w3.org\/2000\/svg\" width=\"24\" height=\"24\" viewBox=\"0 0 24 24\"><path fill=\"none\" d=\"M0,0h24v24H0V0z\"><\/path><path d=\"M12,5.83L15.17,9l1.41-1.41L12,3L7.41,7.59L8.83,9L12,5.83z M12,18.17L8.83,15l-1.41,1.41L12,21l4.59-4.59L15.17,15 L12,18.17z\"><\/path><\/svg><\/span><h4 class=\"advgb-accordion-header-title\" style=\"color:inherit\">27. \u00c4r logens ledarskap demokratiskt?<\/h4><\/div><div class=\"advgb-accordion-body\" style=\"border-style:solid !important;border-width:0px !important;border-color:undefined !important;border-top:none !important;border-radius:2px !important\">\n<p>Beslut om logen fattas av logens styrande r\u00e5d, som sammantr\u00e4der ungef\u00e4r en g\u00e5ng i m\u00e5naden. Den best\u00e5r av n\u00e5gra av logens officerer, dvs. de demokratiskt valda medlemmarna f\u00f6r dessa poster. De v\u00e4ljs f\u00f6r ett \u00e5r i taget och kan omv\u00e4ljas.<\/p>\n<\/div><\/div>\n\n\n\n<div class=\"wp-block-advgb-accordion-item advgb-accordion-item advgb-dyn-c08f1104\" style=\"margin-bottom:15px\"><div class=\"advgb-accordion-header\" style=\"background-color:#dbf0fe;color:#000000;border-style:solid;border-width:0px;border-radius:2px\"><span class=\"advgb-accordion-header-icon\"><svg fill=\"#000000\" xmlns=\"http:\/\/www.w3.org\/2000\/svg\" width=\"24\" height=\"24\" viewBox=\"0 0 24 24\"><path fill=\"none\" d=\"M0,0h24v24H0V0z\"><\/path><path d=\"M12,5.83L15.17,9l1.41-1.41L12,3L7.41,7.59L8.83,9L12,5.83z M12,18.17L8.83,15l-1.41,1.41L12,21l4.59-4.59L15.17,15 L12,18.17z\"><\/path><\/svg><\/span><h4 class=\"advgb-accordion-header-title\" style=\"color:inherit\">28. Finns det olika grader inom frimureriet?<\/h4><\/div><div class=\"advgb-accordion-body\" style=\"border-style:solid !important;border-width:0px !important;border-color:undefined !important;border-top:none !important;border-radius:2px !important\">\n<p>Ja, det finns tre grundl\u00e4ggande grader: Den 1:a graden \u00e4r l\u00e4rlingsgraden, som \u00e4r frimureriets f\u00f6rsta steg, d\u00e4r du l\u00e4r dig grunderna i frimureriet och 1:a gradens specialmeddelande. Du har inte r\u00f6str\u00e4tt eller yttrander\u00e4tt under den ceremoniella delen av m\u00f6tet. Efter\u00e5t 2nd degree &#8211; ges\u00e4llniv\u00e5n, som \u00e4r en mer avancerad utbildningsniv\u00e5 d\u00e4r medlemmen kan utf\u00f6ra vissa uppgifter och delta i diskussioner p\u00e5 ett mer djupg\u00e5ende s\u00e4tt. Dom har yttrande- och r\u00f6str\u00e4tt. Til slut 3:e graden &#8211; mestermurare-graden, efter vilken medlemmen kan delta i logens arbete p\u00e5 alla niv\u00e5er.<\/p>\n\n\n\n<p>Dessutom finns det en hel del h\u00f6gre kvaliteter och tv\u00e5 sidokvaliteter.<\/p>\n<\/div><\/div>\n\n\n\n<div class=\"wp-block-advgb-accordion-item advgb-accordion-item advgb-dyn-0cd56f80\" style=\"margin-bottom:15px\"><div class=\"advgb-accordion-header\" style=\"background-color:#dbf0fe;color:#000000;border-style:solid;border-width:0px;border-radius:2px\"><span class=\"advgb-accordion-header-icon\"><svg fill=\"#000000\" xmlns=\"http:\/\/www.w3.org\/2000\/svg\" width=\"24\" height=\"24\" viewBox=\"0 0 24 24\"><path fill=\"none\" d=\"M0,0h24v24H0V0z\"><\/path><path d=\"M12,5.83L15.17,9l1.41-1.41L12,3L7.41,7.59L8.83,9L12,5.83z M12,18.17L8.83,15l-1.41,1.41L12,21l4.59-4.59L15.17,15 L12,18.17z\"><\/path><\/svg><\/span><h4 class=\"advgb-accordion-header-title\" style=\"color:inherit\">29. Vem kan bli medlem i &#8220;LE DROIT HUMAIN&#8221;?<\/h4><\/div><div class=\"advgb-accordion-body\" style=\"border-style:solid !important;border-width:0px !important;border-color:undefined !important;border-top:none !important;border-radius:2px !important\">\n<p>Alla kvinnor och m\u00e4n kan ans\u00f6ka om medlemskap n\u00e4r de \u00e4r 18 \u00e5r eller \u00e4ldre, \u00e4r fria (dvs. inte har n\u00e5gra personliga skyldigheter eller begr\u00e4nsningar som hindrar dem fr\u00e5n att fungera som frimurare) och har god karakt\u00e4r (dvs. \u00e4r villiga att f\u00f6rs\u00f6ka leva enligt frimureriets ideal och inte har n\u00e5got brottsligt f\u00f6rflutet med andra m\u00e4nniskor).<\/p>\n<\/div><\/div>\n\n\n\n<div class=\"wp-block-advgb-accordion-item advgb-accordion-item advgb-dyn-4e43855c\" style=\"margin-bottom:15px\"><div class=\"advgb-accordion-header\" style=\"background-color:#dbf0fe;color:#000000;border-style:solid;border-width:0px;border-radius:2px\"><span class=\"advgb-accordion-header-icon\"><svg fill=\"#000000\" xmlns=\"http:\/\/www.w3.org\/2000\/svg\" width=\"24\" height=\"24\" viewBox=\"0 0 24 24\"><path fill=\"none\" d=\"M0,0h24v24H0V0z\"><\/path><path d=\"M12,5.83L15.17,9l1.41-1.41L12,3L7.41,7.59L8.83,9L12,5.83z M12,18.17L8.83,15l-1.41,1.41L12,21l4.59-4.59L15.17,15 L12,18.17z\"><\/path><\/svg><\/span><h4 class=\"advgb-accordion-header-title\" style=\"color:inherit\">30. Hur ans\u00f6ker jag om att bli medlem?<\/h4><\/div><div class=\"advgb-accordion-body\" style=\"border-style:solid !important;border-width:0px !important;border-color:undefined !important;border-top:none !important;border-radius:2px !important\">\n<p>Du kontaktar en frimurare som du k\u00e4nner, eller via telefon eller e-post, av egen fri vilja med din \u00f6nskan att bli medlem. Se kontaktsidan (klicka p\u00e5 l\u00e4nken i menyn).<\/p>\n\n\n\n<p>Du kommer sedan att bli kontaktad f\u00f6r att boka ett bes\u00f6k av tv\u00e5 medlemmar av logen. H\u00e4r f\u00e5r du m\u00f6jlighet att diskutera vad ett medlemskap inneb\u00e4r, prata om dig sj\u00e4lv och dina f\u00f6rv\u00e4ntningar. Om du best\u00e4mmer dig f\u00f6r att bli frimurare m\u00e5ste du fylla i ett ans\u00f6kningsformul\u00e4r. Medlemskapet \u00e4r bindande i minst 3 \u00e5r, s\u00e5 det \u00e4r viktigt att enskilda personer \u00e4r fullt medvetna om vad det inneb\u00e4r.<\/p>\n<\/div><\/div>\n\n\n\n<div class=\"wp-block-advgb-accordion-item advgb-accordion-item advgb-dyn-880dda18\" style=\"margin-bottom:15px\"><div class=\"advgb-accordion-header\" style=\"background-color:#dbf0fe;color:#000000;border-style:solid;border-width:0px;border-radius:2px\"><span class=\"advgb-accordion-header-icon\"><svg fill=\"#000000\" xmlns=\"http:\/\/www.w3.org\/2000\/svg\" width=\"24\" height=\"24\" viewBox=\"0 0 24 24\"><path fill=\"none\" d=\"M0,0h24v24H0V0z\"><\/path><path d=\"M12,5.83L15.17,9l1.41-1.41L12,3L7.41,7.59L8.83,9L12,5.83z M12,18.17L8.83,15l-1.41,1.41L12,21l4.59-4.59L15.17,15 L12,18.17z\"><\/path><\/svg><\/span><h4 class=\"advgb-accordion-header-title\" style=\"color:inherit\">31. Hur l\u00e5ng tid tar det att bli medlem i &#8220;LE DROIT HUMAIN&#8221;?<\/h4><\/div><div class=\"advgb-accordion-body\" style=\"border-style:solid !important;border-width:0px !important;border-color:undefined !important;border-top:none !important;border-radius:2px !important\">\n<p>Det kan ta ett tag, kanske upp till ett halv\u00e5r, beroende p\u00e5 n\u00e4r p\u00e5 \u00e5ret processen startar. Detta g\u00f6rs noggrant f\u00f6r att s\u00e4kerst\u00e4lla att den s\u00f6kande inte agerar f\u00f6rhastat, utan har en uppriktig \u00f6nskan att bli frimurare.<\/p>\n<\/div><\/div>\n\n\n\n<div class=\"wp-block-advgb-accordion-item advgb-accordion-item advgb-dyn-a0295d65\" style=\"margin-bottom:15px\"><div class=\"advgb-accordion-header\" style=\"background-color:#dbf0fe;color:#000000;border-style:solid;border-width:0px;border-radius:2px\"><span class=\"advgb-accordion-header-icon\"><svg fill=\"#000000\" xmlns=\"http:\/\/www.w3.org\/2000\/svg\" width=\"24\" height=\"24\" viewBox=\"0 0 24 24\"><path fill=\"none\" d=\"M0,0h24v24H0V0z\"><\/path><path d=\"M12,5.83L15.17,9l1.41-1.41L12,3L7.41,7.59L8.83,9L12,5.83z M12,18.17L8.83,15l-1.41,1.41L12,21l4.59-4.59L15.17,15 L12,18.17z\"><\/path><\/svg><\/span><h4 class=\"advgb-accordion-header-title\" style=\"color:inherit\">32. Hur mycket kostar ett medlemskap?<\/h4><\/div><div class=\"advgb-accordion-body\" style=\"border-style:solid !important;border-width:0px !important;border-color:undefined !important;border-top:none !important;border-radius:2px !important\">\n<p>M\u00e5nadsavgiften h\u00e5lls s\u00e5 l\u00e5g som m\u00f6jligt, eftersom endast de faktiska kostnaderna t\u00e4cks (hyra, utrustning, broschyrer etc.).<\/p>\n\n\n\n<p>Dessutom tas en avgift ut f\u00f6r inskrivningen och f\u00f6r varje efterf\u00f6ljande examen. Allt annat \u00e4r inkluderat i dessa belopp.<\/p>\n\n\n\n<p>Vid varje logem\u00f6te samlas ocks\u00e5 frivilliga bidrag in till v\u00e4lg\u00f6rande \u00e4ndam\u00e5l.<\/p>\n<\/div><\/div>\n\n\n\n<div class=\"wp-block-advgb-accordion-item advgb-accordion-item advgb-dyn-e66eee02\" style=\"margin-bottom:15px\"><div class=\"advgb-accordion-header\" style=\"background-color:#dbf0fe;color:#000000;border-style:solid;border-width:0px;border-radius:2px\"><span class=\"advgb-accordion-header-icon\"><svg fill=\"#000000\" xmlns=\"http:\/\/www.w3.org\/2000\/svg\" width=\"24\" height=\"24\" viewBox=\"0 0 24 24\"><path fill=\"none\" d=\"M0,0h24v24H0V0z\"><\/path><path d=\"M12,5.83L15.17,9l1.41-1.41L12,3L7.41,7.59L8.83,9L12,5.83z M12,18.17L8.83,15l-1.41,1.41L12,21l4.59-4.59L15.17,15 L12,18.17z\"><\/path><\/svg><\/span><h4 class=\"advgb-accordion-header-title\" style=\"color:inherit\">33. Var kan jag l\u00e4ra mig mer?<\/h4><\/div><div class=\"advgb-accordion-body\" style=\"border-style:solid !important;border-width:0px !important;border-color:undefined !important;border-top:none !important;border-radius:2px !important\">\n<p>Om du har ytterligare fr\u00e5gor och\/eller har blivit inspirerad att bli frimurare kan du kontakta oss via telefon eller e-post, oavsett var i Skandinavien du bor. F\u00f6r mer information, se kontaktsidan (klicka p\u00e5 l\u00e4nken).<\/p>\n<\/div><\/div>\n<\/div>\n","protected":false},"excerpt":{"rendered":"<p>Klicka p\u00e5 rubriken f\u00f6r att ut\u00f6ka svaret.<\/p>\n","protected":false},"author":1,"featured_media":0,"parent":0,"menu_order":0,"comment_status":"closed","ping_status":"closed","template":"","meta":{"_acf_changed":false,"advgb_blocks_editor_width":"","advgb_blocks_columns_visual_guide":"","advanced_seo_description":"","jetpack_seo_html_title":"","jetpack_seo_noindex":false,"_EventAllDay":false,"_EventTimezone":"","_EventStartDate":"","_EventEndDate":"","_EventStartDateUTC":"","_EventEndDateUTC":"","_EventShowMap":false,"_EventShowMapLink":false,"_EventURL":"","_EventCost":"","_EventCostDescription":"","_EventCurrencySymbol":"","_EventCurrencyCode":"","_EventCurrencyPosition":"","_EventDateTimeSeparator":"","_EventTimeRangeSeparator":"","_EventOrganizerID":[],"_EventVenueID":[],"_OrganizerEmail":"","_OrganizerPhone":"","_OrganizerWebsite":"","_VenueAddress":"","_VenueCity":"","_VenueCountry":"","_VenueProvince":"","_VenueState":"","_VenueZip":"","_VenuePhone":"","_VenueURL":"","_VenueStateProvince":"","_VenueLat":"","_VenueLng":"","_VenueShowMap":false,"_VenueShowMapLink":false,"footnotes":""},"ldh-units":[],"class_list":["post-3088","page","type-page","status-publish","hentry"],"acf":[],"jetpack_sharing_enabled":true,"coauthors":[],"author_meta":{"author_link":"https:\/\/www.droit-humain.dk\/sv\/author\/tmp2_chafb4\/","display_name":"tmp2_chafb4"},"relative_dates":{"created":"Publicerad 3 \u00e5r sedan","modified":"Uppdaterad 3 \u00e5r sedan"},"absolute_dates":{"created":"Publicerat den 7. april 2023","modified":"Uppdaterad den 17. juni 2023"},"absolute_dates_time":{"created":"Publicerat den 7. april 2023 7:04 e m","modified":"Uppdaterad den 17. juni 2023 10:05 e m"},"featured_img_caption":"","featured_img":false,"series_order":"","jetpack_shortlink":"https:\/\/wp.me\/PfyV9I-NO","_links":{"self":[{"href":"https:\/\/www.droit-humain.dk\/sv\/wp-json\/wp\/v2\/pages\/3088","targetHints":{"allow":["GET"]}}],"collection":[{"href":"https:\/\/www.droit-humain.dk\/sv\/wp-json\/wp\/v2\/pages"}],"about":[{"href":"https:\/\/www.droit-humain.dk\/sv\/wp-json\/wp\/v2\/types\/page"}],"author":[{"embeddable":true,"href":"https:\/\/www.droit-humain.dk\/sv\/wp-json\/wp\/v2\/users\/1"}],"replies":[{"embeddable":true,"href":"https:\/\/www.droit-humain.dk\/sv\/wp-json\/wp\/v2\/comments?post=3088"}],"version-history":[{"count":2,"href":"https:\/\/www.droit-humain.dk\/sv\/wp-json\/wp\/v2\/pages\/3088\/revisions"}],"predecessor-version":[{"id":3093,"href":"https:\/\/www.droit-humain.dk\/sv\/wp-json\/wp\/v2\/pages\/3088\/revisions\/3093"}],"wp:attachment":[{"href":"https:\/\/www.droit-humain.dk\/sv\/wp-json\/wp\/v2\/media?parent=3088"}],"wp:term":[{"taxonomy":"ldh-units","embeddable":true,"href":"https:\/\/www.droit-humain.dk\/sv\/wp-json\/wp\/v2\/ldh-units?post=3088"}],"curies":[{"name":"wp","href":"https:\/\/api.w.org\/{rel}","templated":true}]}}